{"id":7926,"date":"2022-09-22T06:14:02","date_gmt":"2022-09-22T06:14:02","guid":{"rendered":"https:\/\/www.vielca.com\/unternehmensverantwortung"},"modified":"2023-09-26T12:01:03","modified_gmt":"2023-09-26T12:01:03","slug":"unternehmensverantwortung","status":"publish","type":"page","link":"https:\/\/www.vielca.com\/de\/unternehmensverantwortung","title":{"rendered":"Unternehmensverantwortung"},"content":{"rendered":"\t\t<div data-elementor-type=\"wp-page\" data-elementor-id=\"7926\" class=\"elementor elementor-7926 elementor-4017\" data-elementor-settings=\"{&quot;ha_cmc_init_switcher&quot;:&quot;no&quot;}\" data-elementor-post-type=\"page\">\n\t\t\t\t\t\t<section class=\"elementor-section elementor-top-section elementor-element elementor-element-be7032d elementor-section-height-min-height elementor-section-boxed elementor-section-height-default elementor-section-items-middle\" data-id=\"be7032d\" data-element_type=\"section\" data-settings=\"{&quot;background_background&quot;:&quot;classic&quot;,&quot;_ha_eqh_enable&quot;:false}\">\n\t\t\t\t\t\t\t<div class=\"elementor-background-overlay\"><\/div>\n\t\t\t\t\t\t\t<div class=\"elementor-container elementor-column-gap-default\">\n\t\t\t\t\t<div class=\"elementor-column elementor-col-100 elementor-top-column elementor-element elementor-element-9cc4766\" data-id=\"9cc4766\" data-element_type=\"column\" data-settings=\"{&quot;background_background&quot;:&quot;classic&quot;}\">\n\t\t\t<div class=\"elementor-widget-wrap\">\n\t\t\t\t\t\t\t<\/div>\n\t\t<\/div>\n\t\t\t\t\t<\/div>\n\t\t<\/section>\n\t\t\t\t<section class=\"elementor-section elementor-top-section elementor-element elementor-element-20abaf6 elementor-section-boxed elementor-section-height-default elementor-section-height-default\" data-id=\"20abaf6\" data-element_type=\"section\" data-settings=\"{&quot;background_background&quot;:&quot;slideshow&quot;,&quot;background_slideshow_gallery&quot;:[],&quot;background_slideshow_loop&quot;:&quot;yes&quot;,&quot;background_slideshow_slide_duration&quot;:5000,&quot;background_slideshow_slide_transition&quot;:&quot;fade&quot;,&quot;background_slideshow_transition_duration&quot;:500,&quot;_ha_eqh_enable&quot;:false}\">\n\t\t\t\t\t\t<div class=\"elementor-container elementor-column-gap-default\">\n\t\t\t\t\t<div class=\"elementor-column elementor-col-100 elementor-top-column elementor-element elementor-element-7d3144d\" data-id=\"7d3144d\" data-element_type=\"column\">\n\t\t\t<div class=\"elementor-widget-wrap elementor-element-populated\">\n\t\t\t\t\t\t<section class=\"elementor-section elementor-inner-section elementor-element elementor-element-4da3182 elementor-section-boxed elementor-section-height-default elementor-section-height-default\" data-id=\"4da3182\" data-element_type=\"section\" data-settings=\"{&quot;_ha_eqh_enable&quot;:false}\">\n\t\t\t\t\t\t<div class=\"elementor-container elementor-column-gap-default\">\n\t\t\t\t\t<div class=\"elementor-column elementor-col-100 elementor-inner-column elementor-element elementor-element-be4f951\" data-id=\"be4f951\" data-element_type=\"column\">\n\t\t\t<div class=\"elementor-widget-wrap elementor-element-populated\">\n\t\t\t\t\t\t<div class=\"elementor-element elementor-element-297db3b elementor-widget elementor-widget-heading\" data-id=\"297db3b\" data-element_type=\"widget\" data-widget_type=\"heading.default\">\n\t\t\t\t<div class=\"elementor-widget-container\">\n\t\t\t\t\t<h2 class=\"elementor-heading-title elementor-size-default\">UNSER UNTERNEHMEN<\/h2>\t\t\t\t<\/div>\n\t\t\t\t<\/div>\n\t\t\t\t<div class=\"elementor-element elementor-element-3c56035 elementor-widget elementor-widget-heading\" data-id=\"3c56035\" data-element_type=\"widget\" data-widget_type=\"heading.default\">\n\t\t\t\t<div class=\"elementor-widget-container\">\n\t\t\t\t\t<h1 class=\"elementor-heading-title elementor-size-default\">UNTERNEHMENSVERANTWORTUNG<\/h1>\t\t\t\t<\/div>\n\t\t\t\t<\/div>\n\t\t\t\t\t<\/div>\n\t\t<\/div>\n\t\t\t\t\t<\/div>\n\t\t<\/section>\n\t\t\t\t\t<\/div>\n\t\t<\/div>\n\t\t\t\t\t<\/div>\n\t\t<\/section>\n\t\t\t\t<section class=\"elementor-section elementor-top-section elementor-element elementor-element-d45fbec elementor-section-boxed elementor-section-height-default elementor-section-height-default\" data-id=\"d45fbec\" data-element_type=\"section\" data-settings=\"{&quot;background_background&quot;:&quot;classic&quot;,&quot;_ha_eqh_enable&quot;:false}\">\n\t\t\t\t\t\t<div class=\"elementor-container elementor-column-gap-default\">\n\t\t\t\t\t<div class=\"elementor-column elementor-col-100 elementor-top-column elementor-element elementor-element-1d01045\" data-id=\"1d01045\" data-element_type=\"column\">\n\t\t\t<div class=\"elementor-widget-wrap elementor-element-populated\">\n\t\t\t\t\t\t<section class=\"elementor-section elementor-inner-section elementor-element elementor-element-2cf9bc6 elementor-section-boxed elementor-section-height-default elementor-section-height-default\" data-id=\"2cf9bc6\" data-element_type=\"section\" data-settings=\"{&quot;_ha_eqh_enable&quot;:false}\">\n\t\t\t\t\t\t<div class=\"elementor-container elementor-column-gap-default\">\n\t\t\t\t\t<div class=\"elementor-column elementor-col-100 elementor-inner-column elementor-element elementor-element-f1bb3f9\" data-id=\"f1bb3f9\" data-element_type=\"column\">\n\t\t\t<div class=\"elementor-widget-wrap elementor-element-populated\">\n\t\t\t\t\t\t<div class=\"elementor-element elementor-element-142b0e3 elementor-widget elementor-widget-heading\" data-id=\"142b0e3\" data-element_type=\"widget\" data-widget_type=\"heading.default\">\n\t\t\t\t<div class=\"elementor-widget-container\">\n\t\t\t\t\t<h5 class=\"elementor-heading-title elementor-size-default\">DIE VERANTWORTUNG, DIE VIELCA ALS UNTERNEHMEN TR\u00c4GT<\/h5>\t\t\t\t<\/div>\n\t\t\t\t<\/div>\n\t\t\t\t<div class=\"elementor-element elementor-element-552d8bc elementor-widget elementor-widget-heading\" data-id=\"552d8bc\" data-element_type=\"widget\" data-widget_type=\"heading.default\">\n\t\t\t\t<div class=\"elementor-widget-container\">\n\t\t\t\t\t<h2 class=\"elementor-heading-title elementor-size-default\">Soziale Unternehmensverantwortung<\/h2>\t\t\t\t<\/div>\n\t\t\t\t<\/div>\n\t\t\t\t\t<\/div>\n\t\t<\/div>\n\t\t\t\t\t<\/div>\n\t\t<\/section>\n\t\t\t\t<section class=\"elementor-section elementor-inner-section elementor-element elementor-element-aa647cc elementor-section-content-middle elementor-section-boxed elementor-section-height-default elementor-section-height-default\" data-id=\"aa647cc\" data-element_type=\"section\" data-settings=\"{&quot;_ha_eqh_enable&quot;:false}\">\n\t\t\t\t\t\t<div class=\"elementor-container elementor-column-gap-default\">\n\t\t\t\t\t<div class=\"elementor-column elementor-col-50 elementor-inner-column elementor-element elementor-element-a2e2b62\" data-id=\"a2e2b62\" data-element_type=\"column\">\n\t\t\t<div class=\"elementor-widget-wrap elementor-element-populated\">\n\t\t\t\t\t\t<div class=\"elementor-element elementor-element-996f8d2 elementor-widget elementor-widget-text-editor\" data-id=\"996f8d2\" data-element_type=\"widget\" data-widget_type=\"text-editor.default\">\n\t\t\t\t<div class=\"elementor-widget-container\">\n\t\t\t\t\t\t\t\t\t<p>Im Rahmen seiner sozialen Verantwortung hat ein Unternehmen nicht nur die Pflicht, s\u00e4mtliche geltenden Gesetze strikt einzuhalten, sondern auch darauf zu achten, dass soziale, arbeitsrechtliche und Umweltanliegen in die Art der Unternehmensf\u00fchrung, in das Management, die Strategien, Gesch\u00e4ftspolitik und Verfahrensweisen des Betriebs einflie\u00dfen. In diesem Sinne hat das Unternehmen daf\u00fcr zu sorgen, dass in seinen Bereichen die Menschenrechte geachtet werden, gleichheitliche Beziehungen, Dialogbereitschaft und Transparenz zwischen den einzelnen Interessensgruppen herrschen und es hat auch die Verantwortung f\u00fcr die Folgen und Auswirkungen seiner Handlungen zu \u00fcbernehmen.<\/p>\n<p>In Befolgung dieser Grunds\u00e4tze <b>hat die Firma Vielca ihre eigene Politik der Unternehmensverantwortung ausgearbeitet und einen ethischen Verhaltenskodex implementiert<\/b>, der den verschiedenen Interessensgruppen bekannt und von allen Angestellten zu befolgen ist.<\/p>\n\t\t\t\t\t\t\t\t<\/div>\n\t\t\t\t<\/div>\n\t\t\t\t<div class=\"elementor-element elementor-element-e243fbb elementor-position-left elementor-view-default elementor-mobile-position-top elementor-widget elementor-widget-icon-box\" data-id=\"e243fbb\" data-element_type=\"widget\" data-widget_type=\"icon-box.default\">\n\t\t\t\t<div class=\"elementor-widget-container\">\n\t\t\t\t\t\t\t<div class=\"elementor-icon-box-wrapper\">\n\n\t\t\t\t\t\t<div class=\"elementor-icon-box-icon\">\n\t\t\t\t<a href=\"https:\/\/www.vielca.com\/wp-content\/uploads\/2022\/09\/RESPONSABILIDAD-EMPRESARIAL-VIELCA.pdf\" target=\"_blank\" class=\"elementor-icon\" tabindex=\"-1\" aria-label=\"POLITIK DER UNTERNEHMENSVERANTWORTUNG \">\n\t\t\t\t<i aria-hidden=\"true\" class=\"fas fa-download\"><\/i>\t\t\t\t<\/a>\n\t\t\t<\/div>\n\t\t\t\n\t\t\t\t\t\t<div class=\"elementor-icon-box-content\">\n\n\t\t\t\t\t\t\t\t\t<h3 class=\"elementor-icon-box-title\">\n\t\t\t\t\t\t<a href=\"https:\/\/www.vielca.com\/wp-content\/uploads\/2022\/09\/RESPONSABILIDAD-EMPRESARIAL-VIELCA.pdf\" target=\"_blank\" >\n\t\t\t\t\t\t\tPOLITIK DER UNTERNEHMENSVERANTWORTUNG \t\t\t\t\t\t<\/a>\n\t\t\t\t\t<\/h3>\n\t\t\t\t\n\t\t\t\t\n\t\t\t<\/div>\n\t\t\t\n\t\t<\/div>\n\t\t\t\t\t\t<\/div>\n\t\t\t\t<\/div>\n\t\t\t\t<div class=\"elementor-element elementor-element-664af7e elementor-position-left elementor-view-default elementor-mobile-position-top elementor-widget elementor-widget-icon-box\" data-id=\"664af7e\" data-element_type=\"widget\" data-widget_type=\"icon-box.default\">\n\t\t\t\t<div class=\"elementor-widget-container\">\n\t\t\t\t\t\t\t<div class=\"elementor-icon-box-wrapper\">\n\n\t\t\t\t\t\t<div class=\"elementor-icon-box-icon\">\n\t\t\t\t<a href=\"https:\/\/www.vielca.com\/wp-content\/uploads\/2022\/09\/Codigo_etico_empleados_colaboradores.pdf\" target=\"_blank\" class=\"elementor-icon\" tabindex=\"-1\" aria-label=\"ETHISCHER VERHALTENSKODEX \">\n\t\t\t\t<i aria-hidden=\"true\" class=\"fas fa-download\"><\/i>\t\t\t\t<\/a>\n\t\t\t<\/div>\n\t\t\t\n\t\t\t\t\t\t<div class=\"elementor-icon-box-content\">\n\n\t\t\t\t\t\t\t\t\t<h3 class=\"elementor-icon-box-title\">\n\t\t\t\t\t\t<a href=\"https:\/\/www.vielca.com\/wp-content\/uploads\/2022\/09\/Codigo_etico_empleados_colaboradores.pdf\" target=\"_blank\" >\n\t\t\t\t\t\t\tETHISCHER VERHALTENSKODEX \t\t\t\t\t\t<\/a>\n\t\t\t\t\t<\/h3>\n\t\t\t\t\n\t\t\t\t\n\t\t\t<\/div>\n\t\t\t\n\t\t<\/div>\n\t\t\t\t\t\t<\/div>\n\t\t\t\t<\/div>\n\t\t\t\t\t<\/div>\n\t\t<\/div>\n\t\t\t\t<div class=\"elementor-column elementor-col-50 elementor-inner-column elementor-element elementor-element-5da3263\" data-id=\"5da3263\" data-element_type=\"column\">\n\t\t\t<div class=\"elementor-widget-wrap elementor-element-populated\">\n\t\t\t\t\t\t<div class=\"elementor-element elementor-element-81e29ad elementor-widget elementor-widget-image\" data-id=\"81e29ad\" data-element_type=\"widget\" data-widget_type=\"image.default\">\n\t\t\t\t<div class=\"elementor-widget-container\">\n\t\t\t\t\t\t\t\t\t\t\t\t\t\t\t<img fetchpriority=\"high\" decoding=\"async\" width=\"800\" height=\"534\" src=\"https:\/\/www.vielca.com\/wp-content\/uploads\/2023\/01\/VALENCIA_PUERTO_GRUAS-1024x683.jpg\" class=\"attachment-large size-large wp-image-8491\" alt=\"\" srcset=\"https:\/\/www.vielca.com\/wp-content\/uploads\/2023\/01\/VALENCIA_PUERTO_GRUAS-1024x683.jpg 1024w, https:\/\/www.vielca.com\/wp-content\/uploads\/2023\/01\/VALENCIA_PUERTO_GRUAS-300x200.jpg 300w, https:\/\/www.vielca.com\/wp-content\/uploads\/2023\/01\/VALENCIA_PUERTO_GRUAS-768x512.jpg 768w, https:\/\/www.vielca.com\/wp-content\/uploads\/2023\/01\/VALENCIA_PUERTO_GRUAS-1536x1024.jpg 1536w, https:\/\/www.vielca.com\/wp-content\/uploads\/2023\/01\/VALENCIA_PUERTO_GRUAS-2048x1365.jpg 2048w\" sizes=\"(max-width: 800px) 100vw, 800px\" \/>\t\t\t\t\t\t\t\t\t\t\t\t\t\t\t<\/div>\n\t\t\t\t<\/div>\n\t\t\t\t\t<\/div>\n\t\t<\/div>\n\t\t\t\t\t<\/div>\n\t\t<\/section>\n\t\t\t\t<section class=\"elementor-section elementor-inner-section elementor-element elementor-element-3db5372 elementor-section-boxed elementor-section-height-default elementor-section-height-default\" data-id=\"3db5372\" data-element_type=\"section\" data-settings=\"{&quot;_ha_eqh_enable&quot;:false}\">\n\t\t\t\t\t\t<div class=\"elementor-container elementor-column-gap-default\">\n\t\t\t\t\t<div class=\"elementor-column elementor-col-50 elementor-inner-column elementor-element elementor-element-c609c39\" data-id=\"c609c39\" data-element_type=\"column\">\n\t\t\t<div class=\"elementor-widget-wrap elementor-element-populated\">\n\t\t\t\t\t\t<div class=\"elementor-element elementor-element-7491c2c elementor-widget elementor-widget-heading\" data-id=\"7491c2c\" data-element_type=\"widget\" data-widget_type=\"heading.default\">\n\t\t\t\t<div class=\"elementor-widget-container\">\n\t\t\t\t\t<h2 class=\"elementor-heading-title elementor-size-default\">UNTERST\u00dcTZUNG DES GLOBALEN PAKTS<\/h2>\t\t\t\t<\/div>\n\t\t\t\t<\/div>\n\t\t\t\t<div class=\"elementor-element elementor-element-7d5f32a elementor-widget elementor-widget-text-editor\" data-id=\"7d5f32a\" data-element_type=\"widget\" data-widget_type=\"text-editor.default\">\n\t\t\t\t<div class=\"elementor-widget-container\">\n\t\t\t\t\t\t\t\t\t<p>Dar\u00fcber hinaus hat sich VIELCA im Jahre 2010 den zehn Grunds\u00e4tzen des <b><a href=\"https:\/\/www.pactomundial.org\/\">Globalen Pakts<\/a><\/b> angeschlossen, der sich auf die folgenden Bereiche bezieht: <b>die Menschenrechte, die Arbeitsrechte, die Umwelt und den Kampf gegen die Korruption.<\/b><\/p>\n<p>Mit der Unterst\u00fctzung des Globalen Pakts der Vereinten Nationen und der darin festgesetzten zehn Grunds\u00e4tze engagiert sich VIELCA in direkter Folge auch f\u00fcr die Achtung, Verteidigung und den Schutz der Menschenrechte, wie sie in der \u201eInternationalen Menschenrechtscharta\u201c, in den Abkommen der Internationalen Arbeitsorganisation (ILO) und in der Erkl\u00e4rung der ILO \u00fcber die grundlegenden Prinzipien und Rechte bei der Arbeit formuliert wurden.<\/p>\n<p>Vielca verpflichtet sich auch, den sozialen Dialog zu f\u00f6rdern und damit einen Beitrag zur Schaffung einer Global Corporate Citizenship zu leisten, die es erm\u00f6glicht, die Interessen der Unternehmen mit den Werten und Bed\u00fcrfnissen der Zivilgesellschaft, den Projekten der UNO sowie den Vorschl\u00e4gen der Gewerkschaften und der Nichtregierungsorganisationen in Einklang zu bringen.<\/p>\n\t\t\t\t\t\t\t\t<\/div>\n\t\t\t\t<\/div>\n\t\t\t\t\t<\/div>\n\t\t<\/div>\n\t\t\t\t<div class=\"elementor-column elementor-col-50 elementor-inner-column elementor-element elementor-element-c99225a\" data-id=\"c99225a\" data-element_type=\"column\">\n\t\t\t<div class=\"elementor-widget-wrap elementor-element-populated\">\n\t\t\t\t\t\t<div class=\"elementor-element elementor-element-064faf8 elementor-widget elementor-widget-image\" data-id=\"064faf8\" data-element_type=\"widget\" data-widget_type=\"image.default\">\n\t\t\t\t<div class=\"elementor-widget-container\">\n\t\t\t\t\t\t\t\t\t\t\t\t\t\t\t<img decoding=\"async\" width=\"432\" height=\"413\" src=\"https:\/\/www.vielca.com\/wp-content\/uploads\/2022\/09\/APOYO-EL-PACTO-GLOBAL.jpg\" class=\"attachment-large size-large wp-image-7439\" alt=\"\" srcset=\"https:\/\/www.vielca.com\/wp-content\/uploads\/2022\/09\/APOYO-EL-PACTO-GLOBAL.jpg 432w, https:\/\/www.vielca.com\/wp-content\/uploads\/2022\/09\/APOYO-EL-PACTO-GLOBAL-300x287.jpg 300w\" sizes=\"(max-width: 432px) 100vw, 432px\" \/>\t\t\t\t\t\t\t\t\t\t\t\t\t\t\t<\/div>\n\t\t\t\t<\/div>\n\t\t\t\t\t<\/div>\n\t\t<\/div>\n\t\t\t\t\t<\/div>\n\t\t<\/section>\n\t\t\t\t<div class=\"elementor-element elementor-element-303633d elementor-position-left elementor-view-default elementor-mobile-position-top elementor-widget elementor-widget-icon-box\" data-id=\"303633d\" data-element_type=\"widget\" data-widget_type=\"icon-box.default\">\n\t\t\t\t<div class=\"elementor-widget-container\">\n\t\t\t\t\t\t\t<div class=\"elementor-icon-box-wrapper\">\n\n\t\t\t\t\t\t<div class=\"elementor-icon-box-icon\">\n\t\t\t\t<a href=\"https:\/\/www.unglobalcompact.org\/what-is-gc\/participants\/12962\" target=\"_blank\" class=\"elementor-icon\" tabindex=\"-1\" aria-label=\"DAS ENGAGEMENT VON VIELCA INGENIEROS F\u00dcR DIE MENSCHENRECHTE, DIE ARBEITSRECHTE, DIE UMWELT UND DEN KAMPF GEGEN DIE KORRUPTION.\">\n\t\t\t\t<i aria-hidden=\"true\" class=\"fas fa-external-link-alt\"><\/i>\t\t\t\t<\/a>\n\t\t\t<\/div>\n\t\t\t\n\t\t\t\t\t\t<div class=\"elementor-icon-box-content\">\n\n\t\t\t\t\t\t\t\t\t<h3 class=\"elementor-icon-box-title\">\n\t\t\t\t\t\t<a href=\"https:\/\/www.unglobalcompact.org\/what-is-gc\/participants\/12962\" target=\"_blank\" >\n\t\t\t\t\t\t\tDAS ENGAGEMENT VON VIELCA INGENIEROS F\u00dcR DIE MENSCHENRECHTE, DIE ARBEITSRECHTE, DIE UMWELT UND DEN KAMPF GEGEN DIE KORRUPTION.\t\t\t\t\t\t<\/a>\n\t\t\t\t\t<\/h3>\n\t\t\t\t\n\t\t\t\t\n\t\t\t<\/div>\n\t\t\t\n\t\t<\/div>\n\t\t\t\t\t\t<\/div>\n\t\t\t\t<\/div>\n\t\t\t\t\t<\/div>\n\t\t<\/div>\n\t\t\t\t\t<\/div>\n\t\t<\/section>\n\t\t\t\t<section class=\"elementor-section elementor-top-section elementor-element elementor-element-feff31d elementor-section-boxed elementor-section-height-default elementor-section-height-default\" data-id=\"feff31d\" data-element_type=\"section\" data-settings=\"{&quot;background_background&quot;:&quot;classic&quot;,&quot;_ha_eqh_enable&quot;:false}\">\n\t\t\t\t\t\t<div class=\"elementor-container elementor-column-gap-default\">\n\t\t\t\t\t<div class=\"elementor-column elementor-col-100 elementor-top-column elementor-element elementor-element-a02e819\" data-id=\"a02e819\" data-element_type=\"column\">\n\t\t\t<div class=\"elementor-widget-wrap elementor-element-populated\">\n\t\t\t\t\t\t<section class=\"elementor-section elementor-inner-section elementor-element elementor-element-9c22d58 elementor-section-content-middle elementor-section-boxed elementor-section-height-default elementor-section-height-default\" data-id=\"9c22d58\" data-element_type=\"section\" data-settings=\"{&quot;_ha_eqh_enable&quot;:false}\">\n\t\t\t\t\t\t<div class=\"elementor-container elementor-column-gap-default\">\n\t\t\t\t\t<div class=\"elementor-column elementor-col-50 elementor-inner-column elementor-element elementor-element-9f35d14\" data-id=\"9f35d14\" data-element_type=\"column\">\n\t\t\t<div class=\"elementor-widget-wrap elementor-element-populated\">\n\t\t\t\t\t\t<div class=\"elementor-element elementor-element-a4d4754 elementor-widget elementor-widget-heading\" data-id=\"a4d4754\" data-element_type=\"widget\" data-widget_type=\"heading.default\">\n\t\t\t\t<div class=\"elementor-widget-container\">\n\t\t\t\t\t<h5 class=\"elementor-heading-title elementor-size-default\">CHANCENGLEICHHEIT<\/h5>\t\t\t\t<\/div>\n\t\t\t\t<\/div>\n\t\t\t\t<div class=\"elementor-element elementor-element-2f24682 elementor-widget elementor-widget-heading\" data-id=\"2f24682\" data-element_type=\"widget\" data-widget_type=\"heading.default\">\n\t\t\t\t<div class=\"elementor-widget-container\">\n\t\t\t\t\t<h2 class=\"elementor-heading-title elementor-size-default\">Die Gleichstellungspolitik von Vielca<\/h2>\t\t\t\t<\/div>\n\t\t\t\t<\/div>\n\t\t\t\t<div class=\"elementor-element elementor-element-127b113 elementor-widget elementor-widget-text-editor\" data-id=\"127b113\" data-element_type=\"widget\" data-widget_type=\"text-editor.default\">\n\t\t\t\t<div class=\"elementor-widget-container\">\n\t\t\t\t\t\t\t\t\t<p>Die Firma Vielca verpflichtet sich zur Entwicklung und Implementierung von Ma\u00dfnahmen, die eine gleiche Behandlung und gleiche Chancen von Frauen und M\u00e4nnern gew\u00e4hrleisten und jede direkte und indirekte Diskriminierung aufgrund des Geschlechts verhindern. Ebenso wird Vielca daf\u00fcr sorgen, dass innerhalb der Unternehmensorganisation die Ma\u00dfnahmen zur Sicherung der Chancengleichheit zwischen Frauen und M\u00e4nnern auch tats\u00e4chlich real umgesetzt werden. In diesem Sinne betrachten wir die Chancengleichheit, wie sie im spanischen Organgesetz 3\/2007 vom 22. M\u00e4rz zur effektiven Gleichstellung von Frauen und M\u00e4nnern definiert wird, als einen strategischen Grundsatz unserer Unternehmens- und Personalpolitik.<\/p>\n<p>Im Bestreben, diesen Vorsatz umzusetzen, haben wir f\u00fcr unsere Unternehmen einen <b>Gleichstellungssplan<\/b> ausgearbeitet, der sich nach den diesbez\u00fcglichen gesetzlichen Vorgaben richtet und die Richtlinien daf\u00fcr vorgibt, wie das Gleichheitsprinzip in s\u00e4mtlichen Beziehungen in unserem Unternehmen, sowohl auf interner als auch auf externer Ebene, am besten durchgesetzt werden kann.<\/p>\n<p>Indem wir diese Verantwortung \u00fcbernehmen, tragen wir dazu bei, Fortschritte auf dem Gebiet der Gleichberechtigung zu erzielen und reagieren auf die gesellschaftlichen Bed\u00fcrfnisse so, wie es uns als verantwortungsbewusstes Unternehmen zukommt.<\/p>\n\t\t\t\t\t\t\t\t<\/div>\n\t\t\t\t<\/div>\n\t\t\t\t\t<\/div>\n\t\t<\/div>\n\t\t\t\t<div class=\"elementor-column elementor-col-50 elementor-inner-column elementor-element elementor-element-7ef3630\" data-id=\"7ef3630\" data-element_type=\"column\">\n\t\t\t<div class=\"elementor-widget-wrap\">\n\t\t\t\t\t\t\t<\/div>\n\t\t<\/div>\n\t\t\t\t\t<\/div>\n\t\t<\/section>\n\t\t\t\t\t<\/div>\n\t\t<\/div>\n\t\t\t\t\t<\/div>\n\t\t<\/section>\n\t\t\t\t<\/div>\n\t\t","protected":false},"excerpt":{"rendered":"<p>UNSER UNTERNEHMEN UNTERNEHMENSVERANTWORTUNG DIE VERANTWORTUNG, DIE VIELCA ALS UNTERNEHMEN TR\u00c4GT Soziale Unternehmensverantwortung Im Rahmen seiner sozialen Verantwortung hat ein Unternehmen nicht nur die Pflicht, s\u00e4mtliche geltenden Gesetze strikt einzuhalten, sondern auch darauf zu achten, dass soziale, arbeitsrechtliche und Umweltanliegen in die Art der Unternehmensf\u00fchrung, in das Management, die Strategien, Gesch\u00e4ftspolitik und Verfahrensweisen des Betriebs einflie\u00dfen. [&hellip;]<\/p>\n","protected":false},"author":1,"featured_media":0,"parent":0,"menu_order":0,"comment_status":"closed","ping_status":"closed","template":"","meta":{"footnotes":""},"folder":[],"class_list":["post-7926","page","type-page","status-publish","hentry"],"yoast_head":"<!-- This site is optimized with the Yoast SEO plugin v25.9 - https:\/\/yoast.com\/wordpress\/plugins\/seo\/ -->\r\n<title>Unternehmensverantwortung - Vielca Ingenieros<\/title>\r\n<meta name=\"robots\" content=\"index, follow, max-snippet:-1, max-image-preview:large, max-video-preview:-1\" \/>\r\n<link rel=\"canonical\" href=\"https:\/\/www.vielca.com\/de\/unternehmensverantwortung\" \/>\r\n<meta property=\"og:locale\" content=\"de_DE\" \/>\r\n<meta property=\"og:type\" content=\"article\" \/>\r\n<meta property=\"og:title\" content=\"Unternehmensverantwortung - Vielca Ingenieros\" \/>\r\n<meta property=\"og:description\" content=\"UNSER UNTERNEHMEN UNTERNEHMENSVERANTWORTUNG DIE VERANTWORTUNG, DIE VIELCA ALS UNTERNEHMEN TR\u00c4GT Soziale Unternehmensverantwortung Im Rahmen seiner sozialen Verantwortung hat ein Unternehmen nicht nur die Pflicht, s\u00e4mtliche geltenden Gesetze strikt einzuhalten, sondern auch darauf zu achten, dass soziale, arbeitsrechtliche und Umweltanliegen in die Art der Unternehmensf\u00fchrung, in das Management, die Strategien, Gesch\u00e4ftspolitik und Verfahrensweisen des Betriebs einflie\u00dfen. [&hellip;]\" \/>\r\n<meta property=\"og:url\" content=\"https:\/\/www.vielca.com\/de\/unternehmensverantwortung\" \/>\r\n<meta property=\"og:site_name\" content=\"Vielca Ingenieros\" \/>\r\n<meta property=\"article:modified_time\" content=\"2023-09-26T12:01:03+00:00\" \/>\r\n<meta property=\"og:image\" content=\"https:\/\/www.vielca.com\/wp-content\/uploads\/2023\/01\/VALENCIA_PUERTO_GRUAS-1024x683.jpg\" \/>\r\n<meta name=\"twitter:card\" content=\"summary_large_image\" \/>\r\n<meta name=\"twitter:label1\" content=\"Gesch\u00e4tzte Lesezeit\" \/>\n\t<meta name=\"twitter:data1\" content=\"4\u00a0Minuten\" \/>\r\n<script type=\"application\/ld+json\" class=\"yoast-schema-graph\">{\"@context\":\"https:\/\/schema.org\",\"@graph\":[{\"@type\":\"WebPage\",\"@id\":\"https:\/\/www.vielca.com\/de\/unternehmensverantwortung\",\"url\":\"https:\/\/www.vielca.com\/de\/unternehmensverantwortung\",\"name\":\"Unternehmensverantwortung - Vielca Ingenieros\",\"isPartOf\":{\"@id\":\"https:\/\/www.vielca.com\/de#website\"},\"primaryImageOfPage\":{\"@id\":\"https:\/\/www.vielca.com\/de\/unternehmensverantwortung#primaryimage\"},\"image\":{\"@id\":\"https:\/\/www.vielca.com\/de\/unternehmensverantwortung#primaryimage\"},\"thumbnailUrl\":\"https:\/\/www.vielca.com\/wp-content\/uploads\/2023\/01\/VALENCIA_PUERTO_GRUAS-1024x683.jpg\",\"datePublished\":\"2022-09-22T06:14:02+00:00\",\"dateModified\":\"2023-09-26T12:01:03+00:00\",\"breadcrumb\":{\"@id\":\"https:\/\/www.vielca.com\/de\/unternehmensverantwortung#breadcrumb\"},\"inLanguage\":\"de\",\"potentialAction\":[{\"@type\":\"ReadAction\",\"target\":[\"https:\/\/www.vielca.com\/de\/unternehmensverantwortung\"]}]},{\"@type\":\"ImageObject\",\"inLanguage\":\"de\",\"@id\":\"https:\/\/www.vielca.com\/de\/unternehmensverantwortung#primaryimage\",\"url\":\"https:\/\/www.vielca.com\/wp-content\/uploads\/2023\/01\/VALENCIA_PUERTO_GRUAS-1024x683.jpg\",\"contentUrl\":\"https:\/\/www.vielca.com\/wp-content\/uploads\/2023\/01\/VALENCIA_PUERTO_GRUAS-1024x683.jpg\"},{\"@type\":\"BreadcrumbList\",\"@id\":\"https:\/\/www.vielca.com\/de\/unternehmensverantwortung#breadcrumb\",\"itemListElement\":[{\"@type\":\"ListItem\",\"position\":1,\"name\":\"Portada\",\"item\":\"https:\/\/www.vielca.com\/de\/homepage\"},{\"@type\":\"ListItem\",\"position\":2,\"name\":\"Unternehmensverantwortung\"}]},{\"@type\":\"WebSite\",\"@id\":\"https:\/\/www.vielca.com\/de#website\",\"url\":\"https:\/\/www.vielca.com\/de\",\"name\":\"Vielca Ingenieros\",\"description\":\"El referente en la ingenier\u00eda\",\"publisher\":{\"@id\":\"https:\/\/www.vielca.com\/de#organization\"},\"potentialAction\":[{\"@type\":\"SearchAction\",\"target\":{\"@type\":\"EntryPoint\",\"urlTemplate\":\"https:\/\/www.vielca.com\/de?s={search_term_string}\"},\"query-input\":{\"@type\":\"PropertyValueSpecification\",\"valueRequired\":true,\"valueName\":\"search_term_string\"}}],\"inLanguage\":\"de\"},{\"@type\":\"Organization\",\"@id\":\"https:\/\/www.vielca.com\/de#organization\",\"name\":\"Vielca Ingenieros\",\"url\":\"https:\/\/www.vielca.com\/de\",\"logo\":{\"@type\":\"ImageObject\",\"inLanguage\":\"de\",\"@id\":\"https:\/\/www.vielca.com\/de#\/schema\/logo\/image\/\",\"url\":\"https:\/\/www.vielca.com\/wp-content\/uploads\/2022\/10\/VIELCA-INGENIEROS-logotipo.png\",\"contentUrl\":\"https:\/\/www.vielca.com\/wp-content\/uploads\/2022\/10\/VIELCA-INGENIEROS-logotipo.png\",\"width\":1527,\"height\":477,\"caption\":\"Vielca Ingenieros\"},\"image\":{\"@id\":\"https:\/\/www.vielca.com\/de#\/schema\/logo\/image\/\"},\"sameAs\":[\"https:\/\/www.linkedin.com\/company\/vielca-ingenieros-s.a.\",\"https:\/\/www.instagram.com\/vielca_ingenieros\/\"]}]}<\/script>\r\n<!-- \/ Yoast SEO plugin. -->","yoast_head_json":{"title":"Unternehmensverantwortung - Vielca Ingenieros","robots":{"index":"index","follow":"follow","max-snippet":"max-snippet:-1","max-image-preview":"max-image-preview:large","max-video-preview":"max-video-preview:-1"},"canonical":"https:\/\/www.vielca.com\/de\/unternehmensverantwortung","og_locale":"de_DE","og_type":"article","og_title":"Unternehmensverantwortung - Vielca Ingenieros","og_description":"UNSER UNTERNEHMEN UNTERNEHMENSVERANTWORTUNG DIE VERANTWORTUNG, DIE VIELCA ALS UNTERNEHMEN TR\u00c4GT Soziale Unternehmensverantwortung Im Rahmen seiner sozialen Verantwortung hat ein Unternehmen nicht nur die Pflicht, s\u00e4mtliche geltenden Gesetze strikt einzuhalten, sondern auch darauf zu achten, dass soziale, arbeitsrechtliche und Umweltanliegen in die Art der Unternehmensf\u00fchrung, in das Management, die Strategien, Gesch\u00e4ftspolitik und Verfahrensweisen des Betriebs einflie\u00dfen. [&hellip;]","og_url":"https:\/\/www.vielca.com\/de\/unternehmensverantwortung","og_site_name":"Vielca Ingenieros","article_modified_time":"2023-09-26T12:01:03+00:00","og_image":[{"url":"https:\/\/www.vielca.com\/wp-content\/uploads\/2023\/01\/VALENCIA_PUERTO_GRUAS-1024x683.jpg","type":"","width":"","height":""}],"twitter_card":"summary_large_image","twitter_misc":{"Gesch\u00e4tzte Lesezeit":"4\u00a0Minuten"},"schema":{"@context":"https:\/\/schema.org","@graph":[{"@type":"WebPage","@id":"https:\/\/www.vielca.com\/de\/unternehmensverantwortung","url":"https:\/\/www.vielca.com\/de\/unternehmensverantwortung","name":"Unternehmensverantwortung - Vielca Ingenieros","isPartOf":{"@id":"https:\/\/www.vielca.com\/de#website"},"primaryImageOfPage":{"@id":"https:\/\/www.vielca.com\/de\/unternehmensverantwortung#primaryimage"},"image":{"@id":"https:\/\/www.vielca.com\/de\/unternehmensverantwortung#primaryimage"},"thumbnailUrl":"https:\/\/www.vielca.com\/wp-content\/uploads\/2023\/01\/VALENCIA_PUERTO_GRUAS-1024x683.jpg","datePublished":"2022-09-22T06:14:02+00:00","dateModified":"2023-09-26T12:01:03+00:00","breadcrumb":{"@id":"https:\/\/www.vielca.com\/de\/unternehmensverantwortung#breadcrumb"},"inLanguage":"de","potentialAction":[{"@type":"ReadAction","target":["https:\/\/www.vielca.com\/de\/unternehmensverantwortung"]}]},{"@type":"ImageObject","inLanguage":"de","@id":"https:\/\/www.vielca.com\/de\/unternehmensverantwortung#primaryimage","url":"https:\/\/www.vielca.com\/wp-content\/uploads\/2023\/01\/VALENCIA_PUERTO_GRUAS-1024x683.jpg","contentUrl":"https:\/\/www.vielca.com\/wp-content\/uploads\/2023\/01\/VALENCIA_PUERTO_GRUAS-1024x683.jpg"},{"@type":"BreadcrumbList","@id":"https:\/\/www.vielca.com\/de\/unternehmensverantwortung#breadcrumb","itemListElement":[{"@type":"ListItem","position":1,"name":"Portada","item":"https:\/\/www.vielca.com\/de\/homepage"},{"@type":"ListItem","position":2,"name":"Unternehmensverantwortung"}]},{"@type":"WebSite","@id":"https:\/\/www.vielca.com\/de#website","url":"https:\/\/www.vielca.com\/de","name":"Vielca Ingenieros","description":"El referente en la ingenier\u00eda","publisher":{"@id":"https:\/\/www.vielca.com\/de#organization"},"potentialAction":[{"@type":"SearchAction","target":{"@type":"EntryPoint","urlTemplate":"https:\/\/www.vielca.com\/de?s={search_term_string}"},"query-input":{"@type":"PropertyValueSpecification","valueRequired":true,"valueName":"search_term_string"}}],"inLanguage":"de"},{"@type":"Organization","@id":"https:\/\/www.vielca.com\/de#organization","name":"Vielca Ingenieros","url":"https:\/\/www.vielca.com\/de","logo":{"@type":"ImageObject","inLanguage":"de","@id":"https:\/\/www.vielca.com\/de#\/schema\/logo\/image\/","url":"https:\/\/www.vielca.com\/wp-content\/uploads\/2022\/10\/VIELCA-INGENIEROS-logotipo.png","contentUrl":"https:\/\/www.vielca.com\/wp-content\/uploads\/2022\/10\/VIELCA-INGENIEROS-logotipo.png","width":1527,"height":477,"caption":"Vielca Ingenieros"},"image":{"@id":"https:\/\/www.vielca.com\/de#\/schema\/logo\/image\/"},"sameAs":["https:\/\/www.linkedin.com\/company\/vielca-ingenieros-s.a.","https:\/\/www.instagram.com\/vielca_ingenieros\/"]}]}},"_links":{"self":[{"href":"https:\/\/www.vielca.com\/de\/wp-json\/wp\/v2\/pages\/7926","targetHints":{"allow":["GET"]}}],"collection":[{"href":"https:\/\/www.vielca.com\/de\/wp-json\/wp\/v2\/pages"}],"about":[{"href":"https:\/\/www.vielca.com\/de\/wp-json\/wp\/v2\/types\/page"}],"author":[{"embeddable":true,"href":"https:\/\/www.vielca.com\/de\/wp-json\/wp\/v2\/users\/1"}],"replies":[{"embeddable":true,"href":"https:\/\/www.vielca.com\/de\/wp-json\/wp\/v2\/comments?post=7926"}],"version-history":[{"count":2,"href":"https:\/\/www.vielca.com\/de\/wp-json\/wp\/v2\/pages\/7926\/revisions"}],"predecessor-version":[{"id":15923,"href":"https:\/\/www.vielca.com\/de\/wp-json\/wp\/v2\/pages\/7926\/revisions\/15923"}],"wp:attachment":[{"href":"https:\/\/www.vielca.com\/de\/wp-json\/wp\/v2\/media?parent=7926"}],"wp:term":[{"taxonomy":"folder","embeddable":true,"href":"https:\/\/www.vielca.com\/de\/wp-json\/wp\/v2\/folder?post=7926"}],"curies":[{"name":"wp","href":"https:\/\/api.w.org\/{rel}","templated":true}]}}