{"id":12640,"date":"2022-09-22T06:14:02","date_gmt":"2022-09-22T06:14:02","guid":{"rendered":"https:\/\/www.vielca.com\/responsabilite-des-entreprises"},"modified":"2023-09-26T12:27:02","modified_gmt":"2023-09-26T12:27:02","slug":"responsabilite-des-entreprises","status":"publish","type":"page","link":"https:\/\/www.vielca.com\/fr\/responsabilite-des-entreprises","title":{"rendered":"Responsabilit\u00e9 des entreprises"},"content":{"rendered":"\t\t<div data-elementor-type=\"wp-page\" data-elementor-id=\"12640\" class=\"elementor elementor-12640 elementor-4017\" data-elementor-settings=\"{&quot;ha_cmc_init_switcher&quot;:&quot;no&quot;}\" data-elementor-post-type=\"page\">\n\t\t\t\t\t\t<section class=\"elementor-section elementor-top-section elementor-element elementor-element-be7032d elementor-section-height-min-height elementor-section-boxed elementor-section-height-default elementor-section-items-middle\" data-id=\"be7032d\" data-element_type=\"section\" data-settings=\"{&quot;background_background&quot;:&quot;classic&quot;,&quot;_ha_eqh_enable&quot;:false}\">\n\t\t\t\t\t\t\t<div class=\"elementor-background-overlay\"><\/div>\n\t\t\t\t\t\t\t<div class=\"elementor-container elementor-column-gap-default\">\n\t\t\t\t\t<div class=\"elementor-column elementor-col-100 elementor-top-column elementor-element elementor-element-9cc4766\" data-id=\"9cc4766\" data-element_type=\"column\" data-settings=\"{&quot;background_background&quot;:&quot;classic&quot;}\">\n\t\t\t<div class=\"elementor-widget-wrap\">\n\t\t\t\t\t\t\t<\/div>\n\t\t<\/div>\n\t\t\t\t\t<\/div>\n\t\t<\/section>\n\t\t\t\t<section class=\"elementor-section elementor-top-section elementor-element elementor-element-20abaf6 elementor-section-boxed elementor-section-height-default elementor-section-height-default\" data-id=\"20abaf6\" data-element_type=\"section\" data-settings=\"{&quot;background_background&quot;:&quot;slideshow&quot;,&quot;background_slideshow_gallery&quot;:[],&quot;background_slideshow_loop&quot;:&quot;yes&quot;,&quot;background_slideshow_slide_duration&quot;:5000,&quot;background_slideshow_slide_transition&quot;:&quot;fade&quot;,&quot;background_slideshow_transition_duration&quot;:500,&quot;_ha_eqh_enable&quot;:false}\">\n\t\t\t\t\t\t<div class=\"elementor-container elementor-column-gap-default\">\n\t\t\t\t\t<div class=\"elementor-column elementor-col-100 elementor-top-column elementor-element elementor-element-7d3144d\" data-id=\"7d3144d\" data-element_type=\"column\">\n\t\t\t<div class=\"elementor-widget-wrap elementor-element-populated\">\n\t\t\t\t\t\t<section class=\"elementor-section elementor-inner-section elementor-element elementor-element-4da3182 elementor-section-boxed elementor-section-height-default elementor-section-height-default\" data-id=\"4da3182\" data-element_type=\"section\" data-settings=\"{&quot;_ha_eqh_enable&quot;:false}\">\n\t\t\t\t\t\t<div class=\"elementor-container elementor-column-gap-default\">\n\t\t\t\t\t<div class=\"elementor-column elementor-col-100 elementor-inner-column elementor-element elementor-element-be4f951\" data-id=\"be4f951\" data-element_type=\"column\">\n\t\t\t<div class=\"elementor-widget-wrap elementor-element-populated\">\n\t\t\t\t\t\t<div class=\"elementor-element elementor-element-297db3b elementor-widget elementor-widget-heading\" data-id=\"297db3b\" data-element_type=\"widget\" data-widget_type=\"heading.default\">\n\t\t\t\t<div class=\"elementor-widget-container\">\n\t\t\t\t\t<h2 class=\"elementor-heading-title elementor-size-default\">QUI SOMMES-NOUS?<\/h2>\t\t\t\t<\/div>\n\t\t\t\t<\/div>\n\t\t\t\t<div class=\"elementor-element elementor-element-3c56035 elementor-widget elementor-widget-heading\" data-id=\"3c56035\" data-element_type=\"widget\" data-widget_type=\"heading.default\">\n\t\t\t\t<div class=\"elementor-widget-container\">\n\t\t\t\t\t<h1 class=\"elementor-heading-title elementor-size-default\">RESPONSABILIT\u00c9 DES ENTREPRISES<\/h1>\t\t\t\t<\/div>\n\t\t\t\t<\/div>\n\t\t\t\t\t<\/div>\n\t\t<\/div>\n\t\t\t\t\t<\/div>\n\t\t<\/section>\n\t\t\t\t\t<\/div>\n\t\t<\/div>\n\t\t\t\t\t<\/div>\n\t\t<\/section>\n\t\t\t\t<section class=\"elementor-section elementor-top-section elementor-element elementor-element-d45fbec elementor-section-boxed elementor-section-height-default elementor-section-height-default\" data-id=\"d45fbec\" data-element_type=\"section\" data-settings=\"{&quot;background_background&quot;:&quot;classic&quot;,&quot;_ha_eqh_enable&quot;:false}\">\n\t\t\t\t\t\t<div class=\"elementor-container elementor-column-gap-default\">\n\t\t\t\t\t<div class=\"elementor-column elementor-col-100 elementor-top-column elementor-element elementor-element-1d01045\" data-id=\"1d01045\" data-element_type=\"column\">\n\t\t\t<div class=\"elementor-widget-wrap elementor-element-populated\">\n\t\t\t\t\t\t<section class=\"elementor-section elementor-inner-section elementor-element elementor-element-2cf9bc6 elementor-section-boxed elementor-section-height-default elementor-section-height-default\" data-id=\"2cf9bc6\" data-element_type=\"section\" data-settings=\"{&quot;_ha_eqh_enable&quot;:false}\">\n\t\t\t\t\t\t<div class=\"elementor-container elementor-column-gap-default\">\n\t\t\t\t\t<div class=\"elementor-column elementor-col-100 elementor-inner-column elementor-element elementor-element-f1bb3f9\" data-id=\"f1bb3f9\" data-element_type=\"column\">\n\t\t\t<div class=\"elementor-widget-wrap elementor-element-populated\">\n\t\t\t\t\t\t<div class=\"elementor-element elementor-element-142b0e3 elementor-widget elementor-widget-heading\" data-id=\"142b0e3\" data-element_type=\"widget\" data-widget_type=\"heading.default\">\n\t\t\t\t<div class=\"elementor-widget-container\">\n\t\t\t\t\t<h5 class=\"elementor-heading-title elementor-size-default\">RESPONSABILIT\u00c9 DE VIELCA EN TANT QU'ENTREPRISE<\/h5>\t\t\t\t<\/div>\n\t\t\t\t<\/div>\n\t\t\t\t<div class=\"elementor-element elementor-element-552d8bc elementor-widget elementor-widget-heading\" data-id=\"552d8bc\" data-element_type=\"widget\" data-widget_type=\"heading.default\">\n\t\t\t\t<div class=\"elementor-widget-container\">\n\t\t\t\t\t<h2 class=\"elementor-heading-title elementor-size-default\">Responsabilit\u00e9 sociale des entreprises<\/h2>\t\t\t\t<\/div>\n\t\t\t\t<\/div>\n\t\t\t\t\t<\/div>\n\t\t<\/div>\n\t\t\t\t\t<\/div>\n\t\t<\/section>\n\t\t\t\t<section class=\"elementor-section elementor-inner-section elementor-element elementor-element-aa647cc elementor-section-content-middle elementor-section-boxed elementor-section-height-default elementor-section-height-default\" data-id=\"aa647cc\" data-element_type=\"section\" data-settings=\"{&quot;_ha_eqh_enable&quot;:false}\">\n\t\t\t\t\t\t<div class=\"elementor-container elementor-column-gap-default\">\n\t\t\t\t\t<div class=\"elementor-column elementor-col-50 elementor-inner-column elementor-element elementor-element-a2e2b62\" data-id=\"a2e2b62\" data-element_type=\"column\">\n\t\t\t<div class=\"elementor-widget-wrap elementor-element-populated\">\n\t\t\t\t\t\t<div class=\"elementor-element elementor-element-996f8d2 elementor-widget elementor-widget-text-editor\" data-id=\"996f8d2\" data-element_type=\"widget\" data-widget_type=\"text-editor.default\">\n\t\t\t\t<div class=\"elementor-widget-container\">\n\t\t\t\t\t\t\t\t\t<p>La responsabilit\u00e9 sociale des entreprises est, en plus du strict respect des obligations l\u00e9gales en vigueur, l&rsquo;int\u00e9gration volontaire par l&rsquo;entreprise, dans sa gouvernance et sa gestion, dans sa strat\u00e9gie, ses politiques et ses proc\u00e9dures, des pr\u00e9occupations sociales, du travail et de l&rsquo;environnement et du respect des droits de l&rsquo;homme qui d\u00e9coulent de la relation et du dialogue transparents avec ses groupes d&rsquo;int\u00e9r\u00eats.<\/p>\n<p>Par cons\u00e9quent, <b>Vielca dispose d&rsquo;une Politique de Responsabilit\u00e9 Sociale d&rsquo;Entreprise et d&rsquo;un Code d&rsquo;Ethique et de Conduite<\/b>, qui est partag\u00e9 par tous ses employ\u00e9s et connu de ses diff\u00e9rents groupes d&rsquo;int\u00e9r\u00eats.<\/p>\n\t\t\t\t\t\t\t\t<\/div>\n\t\t\t\t<\/div>\n\t\t\t\t<div class=\"elementor-element elementor-element-e243fbb elementor-position-left elementor-view-default elementor-mobile-position-top elementor-widget elementor-widget-icon-box\" data-id=\"e243fbb\" data-element_type=\"widget\" data-widget_type=\"icon-box.default\">\n\t\t\t\t<div class=\"elementor-widget-container\">\n\t\t\t\t\t\t\t<div class=\"elementor-icon-box-wrapper\">\n\n\t\t\t\t\t\t<div class=\"elementor-icon-box-icon\">\n\t\t\t\t<a href=\"https:\/\/www.vielca.com\/wp-content\/uploads\/2022\/09\/RESPONSABILIDAD-EMPRESARIAL-VIELCA.pdf\" target=\"_blank\" class=\"elementor-icon\" tabindex=\"-1\" aria-label=\"POLITIQUE DE RESPONSABILIT\u00c9 SOCIALE DES ENTREPRISES \">\n\t\t\t\t<i aria-hidden=\"true\" class=\"fas fa-download\"><\/i>\t\t\t\t<\/a>\n\t\t\t<\/div>\n\t\t\t\n\t\t\t\t\t\t<div class=\"elementor-icon-box-content\">\n\n\t\t\t\t\t\t\t\t\t<h3 class=\"elementor-icon-box-title\">\n\t\t\t\t\t\t<a href=\"https:\/\/www.vielca.com\/wp-content\/uploads\/2022\/09\/RESPONSABILIDAD-EMPRESARIAL-VIELCA.pdf\" target=\"_blank\" >\n\t\t\t\t\t\t\tPOLITIQUE DE RESPONSABILIT\u00c9 SOCIALE DES ENTREPRISES \t\t\t\t\t\t<\/a>\n\t\t\t\t\t<\/h3>\n\t\t\t\t\n\t\t\t\t\n\t\t\t<\/div>\n\t\t\t\n\t\t<\/div>\n\t\t\t\t\t\t<\/div>\n\t\t\t\t<\/div>\n\t\t\t\t<div class=\"elementor-element elementor-element-664af7e elementor-position-left elementor-view-default elementor-mobile-position-top elementor-widget elementor-widget-icon-box\" data-id=\"664af7e\" data-element_type=\"widget\" data-widget_type=\"icon-box.default\">\n\t\t\t\t<div class=\"elementor-widget-container\">\n\t\t\t\t\t\t\t<div class=\"elementor-icon-box-wrapper\">\n\n\t\t\t\t\t\t<div class=\"elementor-icon-box-icon\">\n\t\t\t\t<a href=\"https:\/\/www.vielca.com\/wp-content\/uploads\/2022\/09\/Codigo_etico_empleados_colaboradores.pdf\" target=\"_blank\" class=\"elementor-icon\" tabindex=\"-1\" aria-label=\"CODE DE D\u00c9ONTOLOGIE ET DE CONDUITE \">\n\t\t\t\t<i aria-hidden=\"true\" class=\"fas fa-download\"><\/i>\t\t\t\t<\/a>\n\t\t\t<\/div>\n\t\t\t\n\t\t\t\t\t\t<div class=\"elementor-icon-box-content\">\n\n\t\t\t\t\t\t\t\t\t<h3 class=\"elementor-icon-box-title\">\n\t\t\t\t\t\t<a href=\"https:\/\/www.vielca.com\/wp-content\/uploads\/2022\/09\/Codigo_etico_empleados_colaboradores.pdf\" target=\"_blank\" >\n\t\t\t\t\t\t\tCODE DE D\u00c9ONTOLOGIE ET DE CONDUITE \t\t\t\t\t\t<\/a>\n\t\t\t\t\t<\/h3>\n\t\t\t\t\n\t\t\t\t\n\t\t\t<\/div>\n\t\t\t\n\t\t<\/div>\n\t\t\t\t\t\t<\/div>\n\t\t\t\t<\/div>\n\t\t\t\t\t<\/div>\n\t\t<\/div>\n\t\t\t\t<div class=\"elementor-column elementor-col-50 elementor-inner-column elementor-element elementor-element-5da3263\" data-id=\"5da3263\" data-element_type=\"column\">\n\t\t\t<div class=\"elementor-widget-wrap elementor-element-populated\">\n\t\t\t\t\t\t<div class=\"elementor-element elementor-element-81e29ad elementor-widget elementor-widget-image\" data-id=\"81e29ad\" data-element_type=\"widget\" data-widget_type=\"image.default\">\n\t\t\t\t<div class=\"elementor-widget-container\">\n\t\t\t\t\t\t\t\t\t\t\t\t\t\t\t<img fetchpriority=\"high\" decoding=\"async\" width=\"800\" height=\"534\" src=\"https:\/\/www.vielca.com\/wp-content\/uploads\/2023\/01\/VALENCIA_PUERTO_GRUAS-1024x683.jpg\" class=\"attachment-large size-large wp-image-11916\" alt=\"\" srcset=\"https:\/\/www.vielca.com\/wp-content\/uploads\/2023\/01\/VALENCIA_PUERTO_GRUAS-1024x683.jpg 1024w, https:\/\/www.vielca.com\/wp-content\/uploads\/2023\/01\/VALENCIA_PUERTO_GRUAS-300x200.jpg 300w, https:\/\/www.vielca.com\/wp-content\/uploads\/2023\/01\/VALENCIA_PUERTO_GRUAS-768x512.jpg 768w, https:\/\/www.vielca.com\/wp-content\/uploads\/2023\/01\/VALENCIA_PUERTO_GRUAS-1536x1024.jpg 1536w, https:\/\/www.vielca.com\/wp-content\/uploads\/2023\/01\/VALENCIA_PUERTO_GRUAS-2048x1365.jpg 2048w\" sizes=\"(max-width: 800px) 100vw, 800px\" \/>\t\t\t\t\t\t\t\t\t\t\t\t\t\t\t<\/div>\n\t\t\t\t<\/div>\n\t\t\t\t\t<\/div>\n\t\t<\/div>\n\t\t\t\t\t<\/div>\n\t\t<\/section>\n\t\t\t\t<section class=\"elementor-section elementor-inner-section elementor-element elementor-element-3db5372 elementor-section-boxed elementor-section-height-default elementor-section-height-default\" data-id=\"3db5372\" data-element_type=\"section\" data-settings=\"{&quot;_ha_eqh_enable&quot;:false}\">\n\t\t\t\t\t\t<div class=\"elementor-container elementor-column-gap-default\">\n\t\t\t\t\t<div class=\"elementor-column elementor-col-50 elementor-inner-column elementor-element elementor-element-c609c39\" data-id=\"c609c39\" data-element_type=\"column\">\n\t\t\t<div class=\"elementor-widget-wrap elementor-element-populated\">\n\t\t\t\t\t\t<div class=\"elementor-element elementor-element-7491c2c elementor-widget elementor-widget-heading\" data-id=\"7491c2c\" data-element_type=\"widget\" data-widget_type=\"heading.default\">\n\t\t\t\t<div class=\"elementor-widget-container\">\n\t\t\t\t\t<h2 class=\"elementor-heading-title elementor-size-default\">APPUI AU PACTE MONDIAL<\/h2>\t\t\t\t<\/div>\n\t\t\t\t<\/div>\n\t\t\t\t<div class=\"elementor-element elementor-element-7d5f32a elementor-widget elementor-widget-text-editor\" data-id=\"7d5f32a\" data-element_type=\"widget\" data-widget_type=\"text-editor.default\">\n\t\t\t\t<div class=\"elementor-widget-container\">\n\t\t\t\t\t\t\t\t\t<p>En outre, depuis 2010, VIELCA souscrit aux dix principes du <b><a href=\"https:\/\/www.pactomundial.org\/\">Pacte mondial<\/a><\/b> relatifs <b>aux droits de l&rsquo;homme, aux droits du travail, \u00e0 l&rsquo;environnement et \u00e0 la lutte contre la corruption.<\/b><\/p>\n<p>L&rsquo;adh\u00e9sion de VIELCA au Pacte mondial des Nations Unies et \u00e0 ses 10 principes nous engage directement \u00e0 respecter, d\u00e9fendre et prot\u00e9ger les droits de l&rsquo;homme \u00e9nonc\u00e9s dans la Charte internationale des droits de l&rsquo;homme, les conventions de l&rsquo;Organisation internationale du Travail (OIT) et la D\u00e9claration des principes fondamentaux et des droits du travail.<\/p>\n<p>Promouvoir le dialogue social pour la cr\u00e9ation d&rsquo;une citoyennet\u00e9 d&rsquo;entreprise mondiale, qui permette de concilier les int\u00e9r\u00eats des entreprises, les valeurs et les exigences de la soci\u00e9t\u00e9 civile, les projets de l&rsquo;ONU, les approches des syndicats et des organisations non gouvernementales.<\/p>\n\t\t\t\t\t\t\t\t<\/div>\n\t\t\t\t<\/div>\n\t\t\t\t\t<\/div>\n\t\t<\/div>\n\t\t\t\t<div class=\"elementor-column elementor-col-50 elementor-inner-column elementor-element elementor-element-c99225a\" data-id=\"c99225a\" data-element_type=\"column\">\n\t\t\t<div class=\"elementor-widget-wrap elementor-element-populated\">\n\t\t\t\t\t\t<div class=\"elementor-element elementor-element-064faf8 elementor-widget elementor-widget-image\" data-id=\"064faf8\" data-element_type=\"widget\" data-widget_type=\"image.default\">\n\t\t\t\t<div class=\"elementor-widget-container\">\n\t\t\t\t\t\t\t\t\t\t\t\t\t\t\t<img decoding=\"async\" width=\"432\" height=\"413\" src=\"https:\/\/www.vielca.com\/wp-content\/uploads\/2022\/09\/APOYO-EL-PACTO-GLOBAL.jpg\" class=\"attachment-large size-large wp-image-11423\" alt=\"\" srcset=\"https:\/\/www.vielca.com\/wp-content\/uploads\/2022\/09\/APOYO-EL-PACTO-GLOBAL.jpg 432w, https:\/\/www.vielca.com\/wp-content\/uploads\/2022\/09\/APOYO-EL-PACTO-GLOBAL-300x287.jpg 300w\" sizes=\"(max-width: 432px) 100vw, 432px\" \/>\t\t\t\t\t\t\t\t\t\t\t\t\t\t\t<\/div>\n\t\t\t\t<\/div>\n\t\t\t\t\t<\/div>\n\t\t<\/div>\n\t\t\t\t\t<\/div>\n\t\t<\/section>\n\t\t\t\t<div class=\"elementor-element elementor-element-303633d elementor-position-left elementor-view-default elementor-mobile-position-top elementor-widget elementor-widget-icon-box\" data-id=\"303633d\" data-element_type=\"widget\" data-widget_type=\"icon-box.default\">\n\t\t\t\t<div class=\"elementor-widget-container\">\n\t\t\t\t\t\t\t<div class=\"elementor-icon-box-wrapper\">\n\n\t\t\t\t\t\t<div class=\"elementor-icon-box-icon\">\n\t\t\t\t<a href=\"https:\/\/www.unglobalcompact.org\/what-is-gc\/participants\/12962\" target=\"_blank\" class=\"elementor-icon\" tabindex=\"-1\" aria-label=\"L&#039;ENGAGEMENT DE VIELCA ING\u00c9NIEURS EN FAVEUR DES DROITS DE L&#039;HOMME, DES DROITS DU TRAVAIL, DE L&#039;ENVIRONNEMENT ET DE LA LUTTE CONTRE LA CORRUPTION\">\n\t\t\t\t<i aria-hidden=\"true\" class=\"fas fa-external-link-alt\"><\/i>\t\t\t\t<\/a>\n\t\t\t<\/div>\n\t\t\t\n\t\t\t\t\t\t<div class=\"elementor-icon-box-content\">\n\n\t\t\t\t\t\t\t\t\t<h3 class=\"elementor-icon-box-title\">\n\t\t\t\t\t\t<a href=\"https:\/\/www.unglobalcompact.org\/what-is-gc\/participants\/12962\" target=\"_blank\" >\n\t\t\t\t\t\t\tL'ENGAGEMENT DE VIELCA ING\u00c9NIEURS EN FAVEUR DES DROITS DE L'HOMME, DES DROITS DU TRAVAIL, DE L'ENVIRONNEMENT ET DE LA LUTTE CONTRE LA CORRUPTION\t\t\t\t\t\t<\/a>\n\t\t\t\t\t<\/h3>\n\t\t\t\t\n\t\t\t\t\n\t\t\t<\/div>\n\t\t\t\n\t\t<\/div>\n\t\t\t\t\t\t<\/div>\n\t\t\t\t<\/div>\n\t\t\t\t\t<\/div>\n\t\t<\/div>\n\t\t\t\t\t<\/div>\n\t\t<\/section>\n\t\t\t\t<section class=\"elementor-section elementor-top-section elementor-element elementor-element-feff31d elementor-section-boxed elementor-section-height-default elementor-section-height-default\" data-id=\"feff31d\" data-element_type=\"section\" data-settings=\"{&quot;background_background&quot;:&quot;classic&quot;,&quot;_ha_eqh_enable&quot;:false}\">\n\t\t\t\t\t\t<div class=\"elementor-container elementor-column-gap-default\">\n\t\t\t\t\t<div class=\"elementor-column elementor-col-100 elementor-top-column elementor-element elementor-element-a02e819\" data-id=\"a02e819\" data-element_type=\"column\">\n\t\t\t<div class=\"elementor-widget-wrap elementor-element-populated\">\n\t\t\t\t\t\t<section class=\"elementor-section elementor-inner-section elementor-element elementor-element-9c22d58 elementor-section-content-middle elementor-section-boxed elementor-section-height-default elementor-section-height-default\" data-id=\"9c22d58\" data-element_type=\"section\" data-settings=\"{&quot;_ha_eqh_enable&quot;:false}\">\n\t\t\t\t\t\t<div class=\"elementor-container elementor-column-gap-default\">\n\t\t\t\t\t<div class=\"elementor-column elementor-col-50 elementor-inner-column elementor-element elementor-element-9f35d14\" data-id=\"9f35d14\" data-element_type=\"column\">\n\t\t\t<div class=\"elementor-widget-wrap elementor-element-populated\">\n\t\t\t\t\t\t<div class=\"elementor-element elementor-element-a4d4754 elementor-widget elementor-widget-heading\" data-id=\"a4d4754\" data-element_type=\"widget\" data-widget_type=\"heading.default\">\n\t\t\t\t<div class=\"elementor-widget-container\">\n\t\t\t\t\t<h5 class=\"elementor-heading-title elementor-size-default\">\u00c9GALIT\u00c9 DES CHANCES<\/h5>\t\t\t\t<\/div>\n\t\t\t\t<\/div>\n\t\t\t\t<div class=\"elementor-element elementor-element-2f24682 elementor-widget elementor-widget-heading\" data-id=\"2f24682\" data-element_type=\"widget\" data-widget_type=\"heading.default\">\n\t\t\t\t<div class=\"elementor-widget-container\">\n\t\t\t\t\t<h2 class=\"elementor-heading-title elementor-size-default\">Politique d'\u00e9galit\u00e9 de Vielca<\/h2>\t\t\t\t<\/div>\n\t\t\t\t<\/div>\n\t\t\t\t<div class=\"elementor-element elementor-element-127b113 elementor-widget elementor-widget-text-editor\" data-id=\"127b113\" data-element_type=\"widget\" data-widget_type=\"text-editor.default\">\n\t\t\t\t<div class=\"elementor-widget-container\">\n\t\t\t\t\t\t\t\t\t<p>Vielca s&rsquo;engage \u00e0 mettre en place et \u00e0 d\u00e9velopper des politiques qui int\u00e8grent l&rsquo;\u00e9galit\u00e9 de traitement et des chances entre les femmes et les hommes, sans discrimination directe ou indirecte fond\u00e9e sur le sexe, et \u00e0 promouvoir et promouvoir des mesures visant \u00e0 r\u00e9aliser l&rsquo;\u00e9galit\u00e9 r\u00e9elle au sein de notre organisation, en faisant de l&rsquo;\u00e9galit\u00e9 des chances entre les femmes et les hommes un principe strat\u00e9gique de notre politique d&rsquo;entreprise et de ressources humaines, conform\u00e9ment \u00e0 la d\u00e9finition de ce principe \u00e9nonc\u00e9e dans la loi organique 3\/2007 du 22 mars pour l&rsquo;\u00e9galit\u00e9 effective entre les femmes et les hommes.<\/p>\n<p>Afin de concr\u00e9tiser cet engagement, la Soci\u00e9t\u00e9 a \u00e9labor\u00e9 un <b>plan pour l &lsquo; \u00e9galit\u00e9,<\/b> conform\u00e9ment \u00e0 la loi qui la r\u00e9git, qui constitue le meilleur moyen d &lsquo; int\u00e9grer l &lsquo; \u00e9galit\u00e9 dans toutes les relations de l &lsquo; entreprise, internes et externes.<\/p>\n<p>Assumer cette responsabilit\u00e9, c&rsquo;est faire progresser les droits et r\u00e9pondre \u00e0 la soci\u00e9t\u00e9 comme nous le devons en tant qu&rsquo;entreprise.<\/p>\n\t\t\t\t\t\t\t\t<\/div>\n\t\t\t\t<\/div>\n\t\t\t\t\t<\/div>\n\t\t<\/div>\n\t\t\t\t<div class=\"elementor-column elementor-col-50 elementor-inner-column elementor-element elementor-element-7ef3630\" data-id=\"7ef3630\" data-element_type=\"column\">\n\t\t\t<div class=\"elementor-widget-wrap\">\n\t\t\t\t\t\t\t<\/div>\n\t\t<\/div>\n\t\t\t\t\t<\/div>\n\t\t<\/section>\n\t\t\t\t\t<\/div>\n\t\t<\/div>\n\t\t\t\t\t<\/div>\n\t\t<\/section>\n\t\t\t\t<\/div>\n\t\t","protected":false},"excerpt":{"rendered":"<p>QUI SOMMES-NOUS? RESPONSABILIT\u00c9 DES ENTREPRISES RESPONSABILIT\u00c9 DE VIELCA EN TANT QU&rsquo;ENTREPRISE Responsabilit\u00e9 sociale des entreprises La responsabilit\u00e9 sociale des entreprises est, en plus du strict respect des obligations l\u00e9gales en vigueur, l&rsquo;int\u00e9gration volontaire par l&rsquo;entreprise, dans sa gouvernance et sa gestion, dans sa strat\u00e9gie, ses politiques et ses proc\u00e9dures, des pr\u00e9occupations sociales, du travail et [&hellip;]<\/p>\n","protected":false},"author":1,"featured_media":0,"parent":0,"menu_order":0,"comment_status":"closed","ping_status":"closed","template":"","meta":{"footnotes":""},"folder":[],"class_list":["post-12640","page","type-page","status-publish","hentry"],"yoast_head":"<!-- This site is optimized with the Yoast SEO plugin v25.9 - https:\/\/yoast.com\/wordpress\/plugins\/seo\/ -->\r\n<title>Responsabilit\u00e9 des entreprises - Vielca Ingenieros<\/title>\r\n<meta name=\"robots\" content=\"index, follow, max-snippet:-1, max-image-preview:large, max-video-preview:-1\" \/>\r\n<link rel=\"canonical\" href=\"https:\/\/www.vielca.com\/fr\/responsabilite-des-entreprises\" \/>\r\n<meta property=\"og:locale\" content=\"fr_FR\" \/>\r\n<meta property=\"og:type\" content=\"article\" \/>\r\n<meta property=\"og:title\" content=\"Responsabilit\u00e9 des entreprises - Vielca Ingenieros\" \/>\r\n<meta property=\"og:description\" content=\"QUI SOMMES-NOUS? RESPONSABILIT\u00c9 DES ENTREPRISES RESPONSABILIT\u00c9 DE VIELCA EN TANT QU&rsquo;ENTREPRISE Responsabilit\u00e9 sociale des entreprises La responsabilit\u00e9 sociale des entreprises est, en plus du strict respect des obligations l\u00e9gales en vigueur, l&rsquo;int\u00e9gration volontaire par l&rsquo;entreprise, dans sa gouvernance et sa gestion, dans sa strat\u00e9gie, ses politiques et ses proc\u00e9dures, des pr\u00e9occupations sociales, du travail et [&hellip;]\" \/>\r\n<meta property=\"og:url\" content=\"https:\/\/www.vielca.com\/fr\/responsabilite-des-entreprises\" \/>\r\n<meta property=\"og:site_name\" content=\"Vielca Ingenieros\" \/>\r\n<meta property=\"article:modified_time\" content=\"2023-09-26T12:27:02+00:00\" \/>\r\n<meta property=\"og:image\" content=\"https:\/\/www.vielca.com\/wp-content\/uploads\/2023\/01\/VALENCIA_PUERTO_GRUAS-1024x683.jpg\" \/>\r\n<meta name=\"twitter:card\" content=\"summary_large_image\" \/>\r\n<meta name=\"twitter:label1\" content=\"Dur\u00e9e de lecture estim\u00e9e\" \/>\n\t<meta name=\"twitter:data1\" content=\"3 minutes\" \/>\r\n<script type=\"application\/ld+json\" class=\"yoast-schema-graph\">{\"@context\":\"https:\/\/schema.org\",\"@graph\":[{\"@type\":\"WebPage\",\"@id\":\"https:\/\/www.vielca.com\/fr\/responsabilite-des-entreprises\",\"url\":\"https:\/\/www.vielca.com\/fr\/responsabilite-des-entreprises\",\"name\":\"Responsabilit\u00e9 des entreprises - Vielca Ingenieros\",\"isPartOf\":{\"@id\":\"https:\/\/www.vielca.com\/fr#website\"},\"primaryImageOfPage\":{\"@id\":\"https:\/\/www.vielca.com\/fr\/responsabilite-des-entreprises#primaryimage\"},\"image\":{\"@id\":\"https:\/\/www.vielca.com\/fr\/responsabilite-des-entreprises#primaryimage\"},\"thumbnailUrl\":\"https:\/\/www.vielca.com\/wp-content\/uploads\/2023\/01\/VALENCIA_PUERTO_GRUAS-1024x683.jpg\",\"datePublished\":\"2022-09-22T06:14:02+00:00\",\"dateModified\":\"2023-09-26T12:27:02+00:00\",\"breadcrumb\":{\"@id\":\"https:\/\/www.vielca.com\/fr\/responsabilite-des-entreprises#breadcrumb\"},\"inLanguage\":\"fr-FR\",\"potentialAction\":[{\"@type\":\"ReadAction\",\"target\":[\"https:\/\/www.vielca.com\/fr\/responsabilite-des-entreprises\"]}]},{\"@type\":\"ImageObject\",\"inLanguage\":\"fr-FR\",\"@id\":\"https:\/\/www.vielca.com\/fr\/responsabilite-des-entreprises#primaryimage\",\"url\":\"https:\/\/www.vielca.com\/wp-content\/uploads\/2023\/01\/VALENCIA_PUERTO_GRUAS-1024x683.jpg\",\"contentUrl\":\"https:\/\/www.vielca.com\/wp-content\/uploads\/2023\/01\/VALENCIA_PUERTO_GRUAS-1024x683.jpg\"},{\"@type\":\"BreadcrumbList\",\"@id\":\"https:\/\/www.vielca.com\/fr\/responsabilite-des-entreprises#breadcrumb\",\"itemListElement\":[{\"@type\":\"ListItem\",\"position\":1,\"name\":\"Portada\",\"item\":\"https:\/\/www.vielca.com\/fr\/accueil\"},{\"@type\":\"ListItem\",\"position\":2,\"name\":\"Responsabilit\u00e9 des entreprises\"}]},{\"@type\":\"WebSite\",\"@id\":\"https:\/\/www.vielca.com\/fr#website\",\"url\":\"https:\/\/www.vielca.com\/fr\",\"name\":\"Vielca Ingenieros\",\"description\":\"El referente en la ingenier\u00eda\",\"publisher\":{\"@id\":\"https:\/\/www.vielca.com\/fr#organization\"},\"potentialAction\":[{\"@type\":\"SearchAction\",\"target\":{\"@type\":\"EntryPoint\",\"urlTemplate\":\"https:\/\/www.vielca.com\/fr?s={search_term_string}\"},\"query-input\":{\"@type\":\"PropertyValueSpecification\",\"valueRequired\":true,\"valueName\":\"search_term_string\"}}],\"inLanguage\":\"fr-FR\"},{\"@type\":\"Organization\",\"@id\":\"https:\/\/www.vielca.com\/fr#organization\",\"name\":\"Vielca Ingenieros\",\"url\":\"https:\/\/www.vielca.com\/fr\",\"logo\":{\"@type\":\"ImageObject\",\"inLanguage\":\"fr-FR\",\"@id\":\"https:\/\/www.vielca.com\/fr#\/schema\/logo\/image\/\",\"url\":\"https:\/\/www.vielca.com\/wp-content\/uploads\/2022\/10\/VIELCA-INGENIEROS-logotipo.png\",\"contentUrl\":\"https:\/\/www.vielca.com\/wp-content\/uploads\/2022\/10\/VIELCA-INGENIEROS-logotipo.png\",\"width\":1527,\"height\":477,\"caption\":\"Vielca Ingenieros\"},\"image\":{\"@id\":\"https:\/\/www.vielca.com\/fr#\/schema\/logo\/image\/\"},\"sameAs\":[\"https:\/\/www.linkedin.com\/company\/vielca-ingenieros-s.a.\",\"https:\/\/www.instagram.com\/vielca_ingenieros\/\"]}]}<\/script>\r\n<!-- \/ Yoast SEO plugin. -->","yoast_head_json":{"title":"Responsabilit\u00e9 des entreprises - Vielca Ingenieros","robots":{"index":"index","follow":"follow","max-snippet":"max-snippet:-1","max-image-preview":"max-image-preview:large","max-video-preview":"max-video-preview:-1"},"canonical":"https:\/\/www.vielca.com\/fr\/responsabilite-des-entreprises","og_locale":"fr_FR","og_type":"article","og_title":"Responsabilit\u00e9 des entreprises - Vielca Ingenieros","og_description":"QUI SOMMES-NOUS? RESPONSABILIT\u00c9 DES ENTREPRISES RESPONSABILIT\u00c9 DE VIELCA EN TANT QU&rsquo;ENTREPRISE Responsabilit\u00e9 sociale des entreprises La responsabilit\u00e9 sociale des entreprises est, en plus du strict respect des obligations l\u00e9gales en vigueur, l&rsquo;int\u00e9gration volontaire par l&rsquo;entreprise, dans sa gouvernance et sa gestion, dans sa strat\u00e9gie, ses politiques et ses proc\u00e9dures, des pr\u00e9occupations sociales, du travail et [&hellip;]","og_url":"https:\/\/www.vielca.com\/fr\/responsabilite-des-entreprises","og_site_name":"Vielca Ingenieros","article_modified_time":"2023-09-26T12:27:02+00:00","og_image":[{"url":"https:\/\/www.vielca.com\/wp-content\/uploads\/2023\/01\/VALENCIA_PUERTO_GRUAS-1024x683.jpg","type":"","width":"","height":""}],"twitter_card":"summary_large_image","twitter_misc":{"Dur\u00e9e de lecture estim\u00e9e":"3 minutes"},"schema":{"@context":"https:\/\/schema.org","@graph":[{"@type":"WebPage","@id":"https:\/\/www.vielca.com\/fr\/responsabilite-des-entreprises","url":"https:\/\/www.vielca.com\/fr\/responsabilite-des-entreprises","name":"Responsabilit\u00e9 des entreprises - Vielca Ingenieros","isPartOf":{"@id":"https:\/\/www.vielca.com\/fr#website"},"primaryImageOfPage":{"@id":"https:\/\/www.vielca.com\/fr\/responsabilite-des-entreprises#primaryimage"},"image":{"@id":"https:\/\/www.vielca.com\/fr\/responsabilite-des-entreprises#primaryimage"},"thumbnailUrl":"https:\/\/www.vielca.com\/wp-content\/uploads\/2023\/01\/VALENCIA_PUERTO_GRUAS-1024x683.jpg","datePublished":"2022-09-22T06:14:02+00:00","dateModified":"2023-09-26T12:27:02+00:00","breadcrumb":{"@id":"https:\/\/www.vielca.com\/fr\/responsabilite-des-entreprises#breadcrumb"},"inLanguage":"fr-FR","potentialAction":[{"@type":"ReadAction","target":["https:\/\/www.vielca.com\/fr\/responsabilite-des-entreprises"]}]},{"@type":"ImageObject","inLanguage":"fr-FR","@id":"https:\/\/www.vielca.com\/fr\/responsabilite-des-entreprises#primaryimage","url":"https:\/\/www.vielca.com\/wp-content\/uploads\/2023\/01\/VALENCIA_PUERTO_GRUAS-1024x683.jpg","contentUrl":"https:\/\/www.vielca.com\/wp-content\/uploads\/2023\/01\/VALENCIA_PUERTO_GRUAS-1024x683.jpg"},{"@type":"BreadcrumbList","@id":"https:\/\/www.vielca.com\/fr\/responsabilite-des-entreprises#breadcrumb","itemListElement":[{"@type":"ListItem","position":1,"name":"Portada","item":"https:\/\/www.vielca.com\/fr\/accueil"},{"@type":"ListItem","position":2,"name":"Responsabilit\u00e9 des entreprises"}]},{"@type":"WebSite","@id":"https:\/\/www.vielca.com\/fr#website","url":"https:\/\/www.vielca.com\/fr","name":"Vielca Ingenieros","description":"El referente en la ingenier\u00eda","publisher":{"@id":"https:\/\/www.vielca.com\/fr#organization"},"potentialAction":[{"@type":"SearchAction","target":{"@type":"EntryPoint","urlTemplate":"https:\/\/www.vielca.com\/fr?s={search_term_string}"},"query-input":{"@type":"PropertyValueSpecification","valueRequired":true,"valueName":"search_term_string"}}],"inLanguage":"fr-FR"},{"@type":"Organization","@id":"https:\/\/www.vielca.com\/fr#organization","name":"Vielca Ingenieros","url":"https:\/\/www.vielca.com\/fr","logo":{"@type":"ImageObject","inLanguage":"fr-FR","@id":"https:\/\/www.vielca.com\/fr#\/schema\/logo\/image\/","url":"https:\/\/www.vielca.com\/wp-content\/uploads\/2022\/10\/VIELCA-INGENIEROS-logotipo.png","contentUrl":"https:\/\/www.vielca.com\/wp-content\/uploads\/2022\/10\/VIELCA-INGENIEROS-logotipo.png","width":1527,"height":477,"caption":"Vielca Ingenieros"},"image":{"@id":"https:\/\/www.vielca.com\/fr#\/schema\/logo\/image\/"},"sameAs":["https:\/\/www.linkedin.com\/company\/vielca-ingenieros-s.a.","https:\/\/www.instagram.com\/vielca_ingenieros\/"]}]}},"_links":{"self":[{"href":"https:\/\/www.vielca.com\/fr\/wp-json\/wp\/v2\/pages\/12640","targetHints":{"allow":["GET"]}}],"collection":[{"href":"https:\/\/www.vielca.com\/fr\/wp-json\/wp\/v2\/pages"}],"about":[{"href":"https:\/\/www.vielca.com\/fr\/wp-json\/wp\/v2\/types\/page"}],"author":[{"embeddable":true,"href":"https:\/\/www.vielca.com\/fr\/wp-json\/wp\/v2\/users\/1"}],"replies":[{"embeddable":true,"href":"https:\/\/www.vielca.com\/fr\/wp-json\/wp\/v2\/comments?post=12640"}],"version-history":[{"count":2,"href":"https:\/\/www.vielca.com\/fr\/wp-json\/wp\/v2\/pages\/12640\/revisions"}],"predecessor-version":[{"id":15995,"href":"https:\/\/www.vielca.com\/fr\/wp-json\/wp\/v2\/pages\/12640\/revisions\/15995"}],"wp:attachment":[{"href":"https:\/\/www.vielca.com\/fr\/wp-json\/wp\/v2\/media?parent=12640"}],"wp:term":[{"taxonomy":"folder","embeddable":true,"href":"https:\/\/www.vielca.com\/fr\/wp-json\/wp\/v2\/folder?post=12640"}],"curies":[{"name":"wp","href":"https:\/\/api.w.org\/{rel}","templated":true}]}}